{"id":1541,"date":"2021-11-16T20:38:55","date_gmt":"2021-11-16T20:38:55","guid":{"rendered":"https:\/\/caleb.cl\/Ibimis\/?page_id=1541"},"modified":"2024-04-10T00:04:04","modified_gmt":"2024-04-10T00:04:04","slug":"bachiller","status":"publish","type":"page","link":"https:\/\/ibimischile.cl\/Ibimis\/inicio\/bachiller\/","title":{"rendered":"Bachiller"},"content":{"rendered":"\t\t<div data-elementor-type=\"wp-page\" data-elementor-id=\"1541\" class=\"elementor elementor-1541\">\n\t\t\t\t\t\t<div class=\"elementor-inner\">\n\t\t\t\t<div class=\"elementor-section-wrap\">\n\t\t\t\t\t\t\t\t\t<section class=\"elementor-section elementor-top-section elementor-element elementor-element-b6ff4b4 elementor-section-height-min-height elementor-section-boxed elementor-section-height-default elementor-section-items-middle\" data-id=\"b6ff4b4\" data-element_type=\"section\">\n\t\t\t\t\t\t<div class=\"elementor-container elementor-column-gap-default\">\n\t\t\t\t\t\t\t<div class=\"elementor-row\">\n\t\t\t\t\t<div class=\"elementor-column elementor-col-100 elementor-top-column elementor-element elementor-element-c844fb0\" data-id=\"c844fb0\" data-element_type=\"column\">\n\t\t\t<div class=\"elementor-column-wrap elementor-element-populated\">\n\t\t\t\t\t\t\t<div class=\"elementor-widget-wrap\">\n\t\t\t\t\t\t<div class=\"elementor-element elementor-element-f99fc10 elementor-arrows-position-outside elementor-pagination-position-outside elementor-widget elementor-widget-image-carousel\" data-id=\"f99fc10\" data-element_type=\"widget\" id=\"1\" data-settings=\"{&quot;slides_to_show&quot;:&quot;1&quot;,&quot;navigation&quot;:&quot;both&quot;,&quot;autoplay&quot;:&quot;yes&quot;,&quot;pause_on_hover&quot;:&quot;yes&quot;,&quot;pause_on_interaction&quot;:&quot;yes&quot;,&quot;autoplay_speed&quot;:5000,&quot;infinite&quot;:&quot;yes&quot;,&quot;effect&quot;:&quot;slide&quot;,&quot;speed&quot;:500}\" data-widget_type=\"image-carousel.default\">\n\t\t\t\t<div class=\"elementor-widget-container\">\n\t\t\t\t\t<div class=\"elementor-image-carousel-wrapper swiper-container\" dir=\"ltr\">\n\t\t\t<div class=\"elementor-image-carousel swiper-wrapper\">\n\t\t\t\t\t\t\t\t<div class=\"swiper-slide\"><figure class=\"swiper-slide-inner\"><img decoding=\"async\" class=\"swiper-slide-image\" src=\"https:\/\/ibimischile.cl\/Ibimis\/wp-content\/uploads\/elementor\/thumbs\/DSC05444-scaled-qmh9phqulxd7zlpc6kixmtzyqlc1v7nmzvg4dtxy88.jpg\" alt=\"DSC05444\" \/><\/figure><\/div><div class=\"swiper-slide\"><figure class=\"swiper-slide-inner\"><img decoding=\"async\" class=\"swiper-slide-image\" src=\"https:\/\/ibimischile.cl\/Ibimis\/wp-content\/uploads\/elementor\/thumbs\/IMG_5469-scaled-qmh9o9kfopoqtxhicjfgvn5athdstfs95ssattrgco.jpg\" alt=\"IMG_5469\" \/><\/figure><\/div><div class=\"swiper-slide\"><figure class=\"swiper-slide-inner\"><img decoding=\"async\" class=\"swiper-slide-image\" src=\"https:\/\/ibimischile.cl\/Ibimis\/wp-content\/uploads\/elementor\/thumbs\/Bachiller-desordenada-qmh9laeu1lm22dt5q93zze6r3k1yfxyur2ey4a6c20.jpg\" alt=\"Bachiller desordenada\" \/><\/figure><\/div><div class=\"swiper-slide\"><figure class=\"swiper-slide-inner\"><img decoding=\"async\" class=\"swiper-slide-image\" src=\"https:\/\/ibimischile.cl\/Ibimis\/wp-content\/uploads\/elementor\/thumbs\/DSC07684-scaled-pg5z1e7lyx7qfhvhg6a1wbz7lqwhcnves7qqpc8uiw.jpg\" alt=\"DSC07684\" \/><\/figure><\/div>\t\t\t<\/div>\n\t\t\t\t\t\t\t\t\t\t\t\t<div class=\"swiper-pagination\"><\/div>\n\t\t\t\t\t\t\t\t\t\t\t\t\t<div class=\"elementor-swiper-button elementor-swiper-button-prev\">\n\t\t\t\t\t\t<i aria-hidden=\"true\" class=\"eicon-chevron-left\"><\/i>\t\t\t\t\t\t<span class=\"elementor-screen-only\">Anterior<\/span>\n\t\t\t\t\t<\/div>\n\t\t\t\t\t<div class=\"elementor-swiper-button elementor-swiper-button-next\">\n\t\t\t\t\t\t<i aria-hidden=\"true\" class=\"eicon-chevron-right\"><\/i>\t\t\t\t\t\t<span class=\"elementor-screen-only\">Siguiente<\/span>\n\t\t\t\t\t<\/div>\n\t\t\t\t\t\t\t\t\t<\/div>\n\t\t\t\t<\/div>\n\t\t\t\t<\/div>\n\t\t\t\t\t\t<\/div>\n\t\t\t\t\t<\/div>\n\t\t<\/div>\n\t\t\t\t\t\t\t\t<\/div>\n\t\t\t\t\t<\/div>\n\t\t<\/section>\n\t\t\t\t<section class=\"elementor-section elementor-top-section elementor-element elementor-element-05eb7e3 elementor-section-boxed elementor-section-height-default elementor-section-height-default\" data-id=\"05eb7e3\" data-element_type=\"section\">\n\t\t\t\t\t\t<div class=\"elementor-container elementor-column-gap-default\">\n\t\t\t\t\t\t\t<div class=\"elementor-row\">\n\t\t\t\t\t<div class=\"elementor-column elementor-col-33 elementor-top-column elementor-element elementor-element-2840da6\" data-id=\"2840da6\" data-element_type=\"column\">\n\t\t\t<div class=\"elementor-column-wrap\">\n\t\t\t\t\t\t\t<div class=\"elementor-widget-wrap\">\n\t\t\t\t\t\t\t\t<\/div>\n\t\t\t\t\t<\/div>\n\t\t<\/div>\n\t\t\t\t<div class=\"elementor-column elementor-col-33 elementor-top-column elementor-element elementor-element-7fa8caa\" data-id=\"7fa8caa\" data-element_type=\"column\">\n\t\t\t<div class=\"elementor-column-wrap elementor-element-populated\">\n\t\t\t\t\t\t\t<div class=\"elementor-widget-wrap\">\n\t\t\t\t\t\t<div class=\"elementor-element elementor-element-0dcd792 elementor-widget elementor-widget-heading\" data-id=\"0dcd792\" data-element_type=\"widget\" data-widget_type=\"heading.default\">\n\t\t\t\t<div class=\"elementor-widget-container\">\n\t\t\t<h2 class=\"elementor-heading-title elementor-size-default\">Objetivo General<\/h2>\t\t<\/div>\n\t\t\t\t<\/div>\n\t\t\t\t<div class=\"elementor-element elementor-element-9858038 elementor-widget elementor-widget-text-editor\" data-id=\"9858038\" data-element_type=\"widget\" data-widget_type=\"text-editor.default\">\n\t\t\t\t<div class=\"elementor-widget-container\">\n\t\t\t\t\t\t\t\t<div class=\"elementor-text-editor elementor-clearfix\">\n\t\t\t\t<p><span style=\"color: var( --e-global-color-text );\">Perfeccionar a quienes hoy se desenvuelven como comunicadores de las ense\u00f1anzas de la Biblia, capaces de desarrollar aptitudes como l\u00edderes cristianos en el \u00e1mbito de la educaci\u00f3n teol\u00f3gica, para colocarlos al servicio del Se\u00f1or mediante la transmisi\u00f3n de los conocimientos b\u00edblicos y teol\u00f3gicos obtenidos.\u00a0<\/span><\/p>\t\t\t\t\t<\/div>\n\t\t\t\t\t\t<\/div>\n\t\t\t\t<\/div>\n\t\t\t\t<div class=\"elementor-element elementor-element-0d177be elementor-widget elementor-widget-heading\" data-id=\"0d177be\" data-element_type=\"widget\" data-widget_type=\"heading.default\">\n\t\t\t\t<div class=\"elementor-widget-container\">\n\t\t\t<h2 class=\"elementor-heading-title elementor-size-default\">Objetivos especificos<\/h2>\t\t<\/div>\n\t\t\t\t<\/div>\n\t\t\t\t<div class=\"elementor-element elementor-element-81a6f71 elementor-widget elementor-widget-text-editor\" data-id=\"81a6f71\" data-element_type=\"widget\" data-widget_type=\"text-editor.default\">\n\t\t\t\t<div class=\"elementor-widget-container\">\n\t\t\t\t\t\t\t\t<div class=\"elementor-text-editor elementor-clearfix\">\n\t\t\t\t<ul><li><span style=\"color: var( --e-global-color-text ); letter-spacing: -0.1px;\">Entregar nuevas herramientas a quienes ya se desenvuelven como comunicadores de las ense\u00f1anzas de la Biblia.\u00a0<\/span><\/li><li><span style=\"color: var( --e-global-color-text ); letter-spacing: -0.1px;\">Desarrollar personas capaces de comunicar las ense\u00f1anzas de la Biblia de manera eficiente y pertinente.\u00a0<\/span><\/li><li><span style=\"color: var( --e-global-color-text ); letter-spacing: -0.1px;\">Capacitar l\u00edderes cristianos en el \u00e1mbito de la educaci\u00f3n teol\u00f3gica.\u00a0<\/span><\/li><li><span style=\"color: var( --e-global-color-text ); letter-spacing: -0.1px;\">Formar cristianos con un fuerte compromiso para servir al Se\u00f1or mediante la transmisi\u00f3n de los conocimientos b\u00edblicos y teol\u00f3gicos obtenidos.<\/span><\/li><\/ul>\t\t\t\t\t<\/div>\n\t\t\t\t\t\t<\/div>\n\t\t\t\t<\/div>\n\t\t\t\t<div class=\"elementor-element elementor-element-fa7238c elementor-widget elementor-widget-heading\" data-id=\"fa7238c\" data-element_type=\"widget\" data-widget_type=\"heading.default\">\n\t\t\t\t<div class=\"elementor-widget-container\">\n\t\t\t<h2 class=\"elementor-heading-title elementor-size-default\">Perfil del egresado<\/h2>\t\t<\/div>\n\t\t\t\t<\/div>\n\t\t\t\t<div class=\"elementor-element elementor-element-647feff elementor-widget elementor-widget-text-editor\" data-id=\"647feff\" data-element_type=\"widget\" data-widget_type=\"text-editor.default\">\n\t\t\t\t<div class=\"elementor-widget-container\">\n\t\t\t\t\t\t\t\t<div class=\"elementor-text-editor elementor-clearfix\">\n\t\t\t\t<p>El egresado de \u201cBachiller en Teolog\u00eda Ministerial de IBIMIS\u201d, es un ministro del Evangelio, que ha sido capacitado en el conocimiento y comunicaci\u00f3n de los principios b\u00edblicos emanados de la bendita Palabra del Se\u00f1or. Ser\u00e1 capaz de ministrar con excelencia las ense\u00f1anzas de Dios a las congregaciones locales, realizar clases de educaci\u00f3n teol\u00f3gica en las aulas de instituciones dedicadas a la ense\u00f1anza b\u00edblica doctrinal cristiana, ser conferencista en seminarios, congresos teol\u00f3gicos, l\u00edder en diferentes instituciones eclesi\u00e1sticas, y servidores en general.<\/p>\t\t\t\t\t<\/div>\n\t\t\t\t\t\t<\/div>\n\t\t\t\t<\/div>\n\t\t\t\t<div class=\"elementor-element elementor-element-c0e1332 elementor-widget elementor-widget-heading\" data-id=\"c0e1332\" data-element_type=\"widget\" data-widget_type=\"heading.default\">\n\t\t\t\t<div class=\"elementor-widget-container\">\n\t\t\t<h2 class=\"elementor-heading-title elementor-size-default\">Modalidad<\/h2>\t\t<\/div>\n\t\t\t\t<\/div>\n\t\t\t\t<div class=\"elementor-element elementor-element-628ca13 elementor-widget elementor-widget-text-editor\" data-id=\"628ca13\" data-element_type=\"widget\" data-widget_type=\"text-editor.default\">\n\t\t\t\t<div class=\"elementor-widget-container\">\n\t\t\t\t\t\t\t\t<div class=\"elementor-text-editor elementor-clearfix\">\n\t\t\t\t<p style=\"text-align: left;\"><span style=\"color: var( --e-global-color-text ); text-align: center;\">Clases presenciales, v\u00eda internet por medio de plataforma.\u00a0<\/span><span style=\"color: var( --e-global-color-text ); text-align: center;\">Cada materia tendr\u00e1 una carga horaria de 52 horas pedag\u00f3gicas por materia, desglosadas de la siguiente forma; 20 horas presenciales en cinco sesiones de clases por materia, 16 horas de lectura, y 16 horas de investigaci\u00f3n, equivalente a 3,25 cr\u00e9ditos por materia.<\/span><\/p>\t\t\t\t\t<\/div>\n\t\t\t\t\t\t<\/div>\n\t\t\t\t<\/div>\n\t\t\t\t\t\t<\/div>\n\t\t\t\t\t<\/div>\n\t\t<\/div>\n\t\t\t\t<div class=\"elementor-column elementor-col-33 elementor-top-column elementor-element elementor-element-b824e9d\" data-id=\"b824e9d\" data-element_type=\"column\">\n\t\t\t<div class=\"elementor-column-wrap\">\n\t\t\t\t\t\t\t<div class=\"elementor-widget-wrap\">\n\t\t\t\t\t\t\t\t<\/div>\n\t\t\t\t\t<\/div>\n\t\t<\/div>\n\t\t\t\t\t\t\t\t<\/div>\n\t\t\t\t\t<\/div>\n\t\t<\/section>\n\t\t\t\t<section class=\"elementor-section elementor-top-section elementor-element elementor-element-7a53fe5 elementor-section-boxed elementor-section-height-default elementor-section-height-default\" data-id=\"7a53fe5\" data-element_type=\"section\">\n\t\t\t\t\t\t<div class=\"elementor-container elementor-column-gap-default\">\n\t\t\t\t\t\t\t<div class=\"elementor-row\">\n\t\t\t\t\t<div class=\"elementor-column elementor-col-100 elementor-top-column elementor-element elementor-element-9cd4ae4\" data-id=\"9cd4ae4\" data-element_type=\"column\">\n\t\t\t<div class=\"elementor-column-wrap\">\n\t\t\t\t\t\t\t<div class=\"elementor-widget-wrap\">\n\t\t\t\t\t\t\t\t<\/div>\n\t\t\t\t\t<\/div>\n\t\t<\/div>\n\t\t\t\t\t\t\t\t<\/div>\n\t\t\t\t\t<\/div>\n\t\t<\/section>\n\t\t\t\t<section class=\"elementor-section elementor-top-section elementor-element elementor-element-f6ebe54 elementor-section-boxed elementor-section-height-default elementor-section-height-default\" data-id=\"f6ebe54\" data-element_type=\"section\">\n\t\t\t\t\t\t<div class=\"elementor-container elementor-column-gap-default\">\n\t\t\t\t\t\t\t<div class=\"elementor-row\">\n\t\t\t\t\t<div class=\"elementor-column elementor-col-100 elementor-top-column elementor-element elementor-element-9fa53b2\" data-id=\"9fa53b2\" data-element_type=\"column\">\n\t\t\t<div class=\"elementor-column-wrap elementor-element-populated\">\n\t\t\t\t\t\t\t<div class=\"elementor-widget-wrap\">\n\t\t\t\t\t\t<div class=\"elementor-element elementor-element-998814a elementor-widget elementor-widget-heading\" data-id=\"998814a\" data-element_type=\"widget\" data-widget_type=\"heading.default\">\n\t\t\t\t<div class=\"elementor-widget-container\">\n\t\t\t<h2 class=\"elementor-heading-title elementor-size-default\">Malla curricular Bachiller en Teolog\u00eda<br><br><\/h2>\t\t<\/div>\n\t\t\t\t<\/div>\n\t\t\t\t<div class=\"elementor-element elementor-element-4a58aa1 elementor-widget elementor-widget-image\" data-id=\"4a58aa1\" data-element_type=\"widget\" data-widget_type=\"image.default\">\n\t\t\t\t<div class=\"elementor-widget-container\">\n\t\t\t\t\t\t\t\t<div class=\"elementor-image\">\n\t\t\t\t\t\t\t\t\t\t\t\t<img decoding=\"async\" width=\"616\" height=\"365\" src=\"https:\/\/ibimischile.cl\/Ibimis\/wp-content\/uploads\/2024\/04\/Malla-Bachiller.jpg\" class=\"attachment-full size-full\" alt=\"\" loading=\"lazy\" srcset=\"https:\/\/ibimischile.cl\/Ibimis\/wp-content\/uploads\/2024\/04\/Malla-Bachiller.jpg 616w, https:\/\/ibimischile.cl\/Ibimis\/wp-content\/uploads\/2024\/04\/Malla-Bachiller-300x178.jpg 300w, https:\/\/ibimischile.cl\/Ibimis\/wp-content\/uploads\/2024\/04\/Malla-Bachiller-101x60.jpg 101w\" sizes=\"(max-width: 616px) 100vw, 616px\" \/>\t\t\t\t\t\t\t\t\t\t\t\t\t\t<\/div>\n\t\t\t\t\t\t<\/div>\n\t\t\t\t<\/div>\n\t\t\t\t\t\t<\/div>\n\t\t\t\t\t<\/div>\n\t\t<\/div>\n\t\t\t\t\t\t\t\t<\/div>\n\t\t\t\t\t<\/div>\n\t\t<\/section>\n\t\t\t\t\t\t\t\t\t<\/div>\n\t\t\t<\/div>\n\t\t\t\t\t<\/div>\n\t\t","protected":false},"excerpt":{"rendered":"<p>Anterior Siguiente Objetivo General Perfeccionar a quienes hoy se desenvuelven como comunicadores de las ense\u00f1anzas de la Biblia, capaces de desarrollar aptitudes como l\u00edderes cristianos en el \u00e1mbito de la educaci\u00f3n teol\u00f3gica, para colocarlos al servicio del Se\u00f1or mediante la transmisi\u00f3n de los conocimientos b\u00edblicos y teol\u00f3gicos obtenidos.\u00a0 Objetivos especificos Entregar nuevas herramientas a quienes &hellip; <\/p>\n","protected":false},"author":1,"featured_media":0,"parent":139,"menu_order":0,"comment_status":"closed","ping_status":"closed","template":"","meta":[],"_links":{"self":[{"href":"https:\/\/ibimischile.cl\/Ibimis\/wp-json\/wp\/v2\/pages\/1541"}],"collection":[{"href":"https:\/\/ibimischile.cl\/Ibimis\/wp-json\/wp\/v2\/pages"}],"about":[{"href":"https:\/\/ibimischile.cl\/Ibimis\/wp-json\/wp\/v2\/types\/page"}],"author":[{"embeddable":true,"href":"https:\/\/ibimischile.cl\/Ibimis\/wp-json\/wp\/v2\/users\/1"}],"replies":[{"embeddable":true,"href":"https:\/\/ibimischile.cl\/Ibimis\/wp-json\/wp\/v2\/comments?post=1541"}],"version-history":[{"count":92,"href":"https:\/\/ibimischile.cl\/Ibimis\/wp-json\/wp\/v2\/pages\/1541\/revisions"}],"predecessor-version":[{"id":2326,"href":"https:\/\/ibimischile.cl\/Ibimis\/wp-json\/wp\/v2\/pages\/1541\/revisions\/2326"}],"up":[{"embeddable":true,"href":"https:\/\/ibimischile.cl\/Ibimis\/wp-json\/wp\/v2\/pages\/139"}],"wp:attachment":[{"href":"https:\/\/ibimischile.cl\/Ibimis\/wp-json\/wp\/v2\/media?parent=1541"}],"curies":[{"name":"wp","href":"https:\/\/api.w.org\/{rel}","templated":true}]}}